{"id":137,"date":"2018-04-11T18:49:00","date_gmt":"2018-04-11T16:49:00","guid":{"rendered":"http:\/\/www.karolinekinsky.at\/?page_id=137"},"modified":"2021-11-09T18:32:04","modified_gmt":"2021-11-09T17:32:04","slug":"beispiel-seite-2","status":"publish","type":"page","link":"https:\/\/www.karolinekinsky.at\/","title":{"rendered":"Karoline Kinsky"},"content":{"rendered":"<section class=\"l-section wpb_row height_medium full_height valign_top width_full with_img\"><div class=\"l-section-img\" role=\"img\" data-img-width=\"1600\" data-img-height=\"840\" style=\"background-image: url(https:\/\/www.karolinekinsky.at\/wp-content\/uploads\/2018\/04\/BackGrauKl.png);background-repeat: no-repeat;\"><\/div><div class=\"l-section-h i-cf\"><div class=\"g-cols vc_row via_flex valign_middle type_default stacking_default\"><div class=\"vc_col-sm-12 wpb_column vc_column_container\"><div class=\"vc_column-inner\"><div class=\"wpb_wrapper\"><div class=\"g-cols wpb_row via_flex valign_top type_default stacking_default\"><div class=\"vc_col-sm-12 wpb_column vc_column_container\"><div class=\"vc_column-inner\"><div class=\"wpb_wrapper\"><div class=\"w-image align_center\"><div class=\"w-image-h\"><img loading=\"lazy\" decoding=\"async\" width=\"600\" height=\"600\" src=\"https:\/\/www.karolinekinsky.at\/wp-content\/uploads\/2021\/11\/600x600-KarolineKinskyL-600x600.png\" class=\"attachment-us_600_600_crop size-us_600_600_crop\" alt=\"\" srcset=\"https:\/\/www.karolinekinsky.at\/wp-content\/uploads\/2021\/11\/600x600-KarolineKinskyL.png 600w, https:\/\/www.karolinekinsky.at\/wp-content\/uploads\/2021\/11\/600x600-KarolineKinskyL-300x300.png 300w, https:\/\/www.karolinekinsky.at\/wp-content\/uploads\/2021\/11\/600x600-KarolineKinskyL-150x150.png 150w, https:\/\/www.karolinekinsky.at\/wp-content\/uploads\/2021\/11\/600x600-KarolineKinskyL-350x350.png 350w\" sizes=\"auto, (max-width: 600px) 100vw, 600px\" \/><\/div><\/div><\/div><\/div><\/div><\/div><div class=\"g-cols wpb_row via_flex valign_top type_default stacking_default\"><div class=\"vc_col-sm-12 wpb_column vc_column_container has_bg_color\"><div class=\"vc_column-inner us_custom_685e2861\"><div class=\"wpb_wrapper\"><div class=\"wpb_text_column us_custom_685e2861\"><div class=\"wpb_wrapper\"><h1 style=\"text-align: center;\">Karoline Kinsky, BA<\/h1>\n<p style=\"text-align: center;\">Gehobener Dienst f\u00fcr Gesundheits- und Krankenpflege, zertifizierte Wundmanagerin<\/p>\n<\/div><\/div><\/div><\/div><\/div><\/div><\/div><\/div><\/div><\/div><\/div><\/section><section class=\"l-section wpb_row height_auto\"><div class=\"l-section-h i-cf\"><div class=\"g-cols vc_row via_flex valign_top type_default stacking_default\"><div class=\"vc_col-sm-12 wpb_column vc_column_container\"><div class=\"vc_column-inner\"><div class=\"wpb_wrapper\"><div class=\"w-tabs style_default switch_click accordion has_scrolling\" style=\"--sections-title-size:inherit\"><div class=\"w-tabs-sections titles-align_center icon_chevron cpos_right\"><div class=\"w-tabs-section\" id=\"1523482446186-afd223a3-687f\"><button class=\"w-tabs-section-header\" aria-controls=\"content-1523482446186-afd223a3-687f\" aria-expanded=\"false\"><div class=\"w-tabs-section-title\">Zu meiner Person<\/div><div class=\"w-tabs-section-control\"><\/div><\/button><div  class=\"w-tabs-section-content\" id=\"content-1523482446186-afd223a3-687f\"><div class=\"w-tabs-section-content-h i-cf\"><div class=\"wpb_text_column\"><div class=\"wpb_wrapper\"><p lang=\"zxx\" style=\"text-align: center;\">geboren am 18.02.1978, in Wien<\/p>\n<p lang=\"zxx\" style=\"text-align: center;\">\u00d6sterreichische Staatsb\u00fcrgerin<\/p>\n<p lang=\"zxx\" style=\"text-align: center;\">2 Kinder<\/p>\n<\/div><\/div><\/div><\/div><\/div><div class=\"w-tabs-section\" id=\"1523482446188-2ab99ce9-59d1\"><button class=\"w-tabs-section-header\" aria-controls=\"content-1523482446188-2ab99ce9-59d1\" aria-expanded=\"false\"><div class=\"w-tabs-section-title\">Qualifikationen<\/div><div class=\"w-tabs-section-control\"><\/div><\/button><div  class=\"w-tabs-section-content\" id=\"content-1523482446188-2ab99ce9-59d1\"><div class=\"w-tabs-section-content-h i-cf\"><div class=\"g-cols wpb_row via_flex valign_top type_default stacking_default\"><div class=\"vc_col-sm-6 wpb_column vc_column_container\"><div class=\"vc_column-inner\"><div class=\"wpb_wrapper\"><div class=\"wpb_text_column\"><div class=\"wpb_wrapper\"><h4 lang=\"zxx\">Ausbildung, Fort- und Weiterbildungen<\/h4>\n<p lang=\"zxx\">1996\u20131999 Gesundheits- und Krankenpflegeschule, Diplom am 14. September 1999<\/p>\n<p lang=\"zxx\">2005\u20132006 Berufsreifepr\u00fcfung BFI\/HAK Salzburg<\/p>\n<p lang=\"zxx\">2006\u20132012 Bachelor Studium Erziehungswissenschaften\/P\u00e4dagogik an der Universit\u00e4t Salzburg<\/p>\n<p lang=\"zxx\">2009\u20132011 Sexualp\u00e4dagogin an der P\u00e4dagogischen Hochschule Salzburg<\/p>\n<p lang=\"zxx\">2011\u20132014 Sexual- und Paarberatung, Lebens- und Sozialberatung, Promente Wien<\/p>\n<p lang=\"zxx\">2013 FamilyLab Seminarleiterin, Jesper Juul<\/p>\n<p lang=\"zxx\">2014 Systemische Familienaufstellung<\/p>\n<p lang=\"zxx\">2000\u20132017 Fortbildungen im Pflegebereich<br \/>(Palliativpflege, Kommunikation, Kundenorientierung,Wundmanagment)<\/p>\n<p lang=\"zxx\">2017 WM\u00ae\u2013Wundmanagerin, Kammerlander ZWM\u00ae<\/p>\n<p lang=\"zxx\">2020 ZWM\u00ae\u2013Wundmanagerin, Kammerlander ZWM\u00ae<\/p>\n<p lang=\"zxx\">2021 Ausbildung zum OMNI-Hypnose-Coach<\/p>\n<p lang=\"zxx\">\u00a0<\/p>\n<\/div><\/div><div class=\"wpb_text_column\"><div class=\"wpb_wrapper\"><h4 lang=\"zxx\">Arbeitserfahrung als DGKP<\/h4>\n<p lang=\"zxx\">Kiefer- und Gesichtschirurgie SALK (2000\u20132003)<\/p>\n<p lang=\"zxx\">Wochenbettstation GYN C SALK (2003\u20132008)<\/p>\n<p lang=\"zxx\">Rotes Kreuz Blutspendedienst (2008\u20132011)<\/p>\n<p lang=\"zxx\">Plasmazentrum Baxter (2013\u20132014)<\/p>\n<p lang=\"zxx\">Verein Aktiv Hauskrankenpflege und Seniorenbetreuung (2014-2019 )<\/p>\n<p lang=\"zxx\">Freiberuflich, Schwerpunkt Schulungen und Qualit\u00e4tskontrollen von 24h PflegerInnen<\/p>\n<p lang=\"zxx\">Wundmanagment (seit 2017)<\/p>\n<p lang=\"zxx\">Entlassungsmanagement, Case- und Caremanagement Landesklink Hallein SALK (2019 &#8211; Ende 2020)<\/p>\n<p>Selbst\u00e4ndige DGKP und ZWM\u00ae , Co-Gr\u00fcnderin wundlos gl\u00fccklich GsbR &#8211; Multidisziplin\u00e4re Netzwerkplattform (seit November 2020)<\/p>\n<\/div><\/div><\/div><\/div><\/div><div class=\"vc_col-sm-6 wpb_column vc_column_container\"><div class=\"vc_column-inner\"><div class=\"wpb_wrapper\"><div class=\"wpb_text_column\"><div class=\"wpb_wrapper\"><h4 lang=\"zxx\">Arbeitserfahrung als Referentin<\/h4>\n<p lang=\"zxx\">Medizinisches Englisch an der Gesundheits- und Krankenpflegeschule (SALK, BFI, 2001\u20132008)<\/p>\n<p lang=\"zxx\">Medizinisches Englisch an der Hebammen Akademie (SALK, 2003\u20132004)<\/p>\n<p lang=\"zxx\">Medizinisches Englisch an der Fortbildungsakademie (SALK, 2005-2019)<\/p>\n<p lang=\"zxx\">P\u00e4dagogische Inhalte an der Elternschule (SALK 2014\u20132017)<\/p>\n<p lang=\"zxx\">Sexualit\u00e4t und Krankheit an der Fortbildungsakademie (SALK 2011\u20132013)<\/p>\n<p lang=\"zxx\">Sexualp\u00e4dagogische Inhalte im Kindergarten (Seekirchen, 2011-2017)<\/p>\n<p lang=\"zxx\">Medinzinisches Englisch Tauernklinikum Zell am See seit 2019<\/p>\n<p lang=\"zxx\">Wundpflege Basiskurse seit 2018<\/p>\n<p lang=\"zxx\">Ordinationsassistenten Wundschulung \u00c4rztekammer Salzburg 2021<\/p>\n<p>\u00a0<\/p>\n<\/div><\/div><div class=\"wpb_text_column\"><div class=\"wpb_wrapper\"><h4 lang=\"zxx\">Arbeitserfahrung in anderen Bereichen<\/h4>\n<p lang=\"zxx\">Erfahrung im Direktvertrieb (2003\u20132004)<\/p>\n<p lang=\"zxx\">Tagesp\u00e4dagogische Betreuung von Kindern (Verein TEZ, 2011\u20132013)<\/p>\n<p lang=\"zxx\">Coaching und Einzelberatung (seit 2014)<\/p>\n<p lang=\"zxx\">Sozialp\u00e4dagogische Betreuung Jugendwohlfahrt Salzburg Land (2015)<\/p>\n<p lang=\"zxx\">Ehrenamtliche Koordination und Managment w\u00e4rend der Fl\u00fcchtlingskrise am Salzburger Hauptbahnof in Zusammenarbeit mit der Einsatzleitung Stadt, Land, Polizei, Roteskreuz, Bundesherr und NGOS`s (2015\u20132016)<\/p>\n<p lang=\"zxx\">Obfrau ViM, Verein f\u00fcr integrative Montessorip\u00e4dagogik Seekirchen (2015 &#8211; 2020)<\/p>\n<p>\u00a0<\/p>\n<\/div><\/div><\/div><\/div><\/div><\/div><\/div><\/div><\/div><\/div><\/div><\/div><\/div><\/div><\/div><\/div><\/section>\n","protected":false},"excerpt":{"rendered":"Karoline Kinsky, BA Gehobener Dienst f\u00fcr Gesundheits- und Krankenpflege, zertifizierte Wundmanagerin Zu meiner Person geboren am 18.02.1978, in Wien \u00d6sterreichische Staatsb\u00fcrgerin 2 Kinder QualifikationenAusbildung, Fort- und Weiterbildungen 1996\u20131999 Gesundheits- und Krankenpflegeschule, Diplom am 14. September 1999 2005\u20132006 Berufsreifepr\u00fcfung BFI\/HAK Salzburg 2006\u20132012 Bachelor Studium Erziehungswissenschaften\/P\u00e4dagogik an der Universit\u00e4t Salzburg 2009\u20132011 Sexualp\u00e4dagogin an der P\u00e4dagogischen Hochschule Salzburg...","protected":false},"author":1,"featured_media":0,"parent":0,"menu_order":0,"comment_status":"closed","ping_status":"closed","template":"","meta":{"footnotes":""},"class_list":["post-137","page","type-page","status-publish","hentry"],"aioseo_notices":[],"_links":{"self":[{"href":"https:\/\/www.karolinekinsky.at\/index.php?rest_route=\/wp\/v2\/pages\/137","targetHints":{"allow":["GET"]}}],"collection":[{"href":"https:\/\/www.karolinekinsky.at\/index.php?rest_route=\/wp\/v2\/pages"}],"about":[{"href":"https:\/\/www.karolinekinsky.at\/index.php?rest_route=\/wp\/v2\/types\/page"}],"author":[{"embeddable":true,"href":"https:\/\/www.karolinekinsky.at\/index.php?rest_route=\/wp\/v2\/users\/1"}],"replies":[{"embeddable":true,"href":"https:\/\/www.karolinekinsky.at\/index.php?rest_route=%2Fwp%2Fv2%2Fcomments&post=137"}],"version-history":[{"count":40,"href":"https:\/\/www.karolinekinsky.at\/index.php?rest_route=\/wp\/v2\/pages\/137\/revisions"}],"predecessor-version":[{"id":282,"href":"https:\/\/www.karolinekinsky.at\/index.php?rest_route=\/wp\/v2\/pages\/137\/revisions\/282"}],"wp:attachment":[{"href":"https:\/\/www.karolinekinsky.at\/index.php?rest_route=%2Fwp%2Fv2%2Fmedia&parent=137"}],"curies":[{"name":"wp","href":"https:\/\/api.w.org\/{rel}","templated":true}]}}